{"id":274,"date":"2021-09-30T16:27:20","date_gmt":"2021-09-30T14:27:20","guid":{"rendered":"https:\/\/faur.pro\/?page_id=274"},"modified":"2026-03-13T22:45:07","modified_gmt":"2026-03-13T21:45:07","slug":"jones-fascia-fascial-counterstrain-presentation-etudes-scientifiques","status":"publish","type":"page","link":"https:\/\/faur.pro\/index.php\/jones-fascia-fascial-counterstrain-presentation-etudes-scientifiques\/","title":{"rendered":"JONES Fascia \u00ab\u00a0Fascial Counterstrain\u00ae\u00a0\u00bb pr\u00e9sentation &amp; \u00e9tudes scientifiques"},"content":{"rendered":"\n<div id=\"ez-toc-container\" class=\"ez-toc-v2_0_82_2 counter-hierarchy ez-toc-counter ez-toc-custom ez-toc-container-direction\">\n<p class=\"ez-toc-title\" style=\"cursor:inherit\">Sommaire<\/p>\n<label for=\"ez-toc-cssicon-toggle-item-69f21815c9911\" class=\"ez-toc-cssicon-toggle-label\"><span class=\"\"><span class=\"eztoc-hide\" style=\"display:none;\">Toggle<\/span><span class=\"ez-toc-icon-toggle-span\"><svg style=\"fill: #000000;color:#000000\" xmlns=\"http:\/\/www.w3.org\/2000\/svg\" class=\"list-377408\" width=\"20px\" height=\"20px\" viewBox=\"0 0 24 24\" fill=\"none\"><path d=\"M6 6H4v2h2V6zm14 0H8v2h12V6zM4 11h2v2H4v-2zm16 0H8v2h12v-2zM4 16h2v2H4v-2zm16 0H8v2h12v-2z\" fill=\"currentColor\"><\/path><\/svg><svg style=\"fill: #000000;color:#000000\" class=\"arrow-unsorted-368013\" xmlns=\"http:\/\/www.w3.org\/2000\/svg\" width=\"10px\" height=\"10px\" viewBox=\"0 0 24 24\" version=\"1.2\" baseProfile=\"tiny\"><path d=\"M18.2 9.3l-6.2-6.3-6.2 6.3c-.2.2-.3.4-.3.7s.1.5.3.7c.2.2.4.3.7.3h11c.3 0 .5-.1.7-.3.2-.2.3-.5.3-.7s-.1-.5-.3-.7zM5.8 14.7l6.2 6.3 6.2-6.3c.2-.2.3-.5.3-.7s-.1-.5-.3-.7c-.2-.2-.4-.3-.7-.3h-11c-.3 0-.5.1-.7.3-.2.2-.3.5-.3.7s.1.5.3.7z\"\/><\/svg><\/span><\/span><\/label><input type=\"checkbox\"  id=\"ez-toc-cssicon-toggle-item-69f21815c9911\" checked aria-label=\"Toggle\" \/><nav><ul class='ez-toc-list ez-toc-list-level-1 ' ><li class='ez-toc-page-1 ez-toc-heading-level-1'><a class=\"ez-toc-link ez-toc-heading-1\" href=\"https:\/\/faur.pro\/index.php\/jones-fascia-fascial-counterstrain-presentation-etudes-scientifiques\/#Videos_de_presentation\" >Vid\u00e9os de pr\u00e9sentation<\/a><ul class='ez-toc-list-level-2' ><li class='ez-toc-heading-level-2'><a class=\"ez-toc-link ez-toc-heading-2\" href=\"https:\/\/faur.pro\/index.php\/jones-fascia-fascial-counterstrain-presentation-etudes-scientifiques\/#Amelioration_du_confort_lie_aux_tremblements_avec_le_%C2%AB_Fascial_Counterstrain%C2%AE_%C2%BB\" >Am\u00e9lioration du confort li\u00e9 aux tremblements avec le \u00ab\u00a0Fascial Counterstrain\u00ae\u00a0\u00bb<\/a><\/li><li class='ez-toc-page-1 ez-toc-heading-level-2'><a class=\"ez-toc-link ez-toc-heading-3\" href=\"https:\/\/faur.pro\/index.php\/jones-fascia-fascial-counterstrain-presentation-etudes-scientifiques\/#Tissu_neuro_tempo-mandibulaire_nerfs_cranien\" >Tissu neuro tempo-mandibulaire &amp; nerfs cranien :<\/a><\/li><li class='ez-toc-page-1 ez-toc-heading-level-2'><a class=\"ez-toc-link ez-toc-heading-4\" href=\"https:\/\/faur.pro\/index.php\/jones-fascia-fascial-counterstrain-presentation-etudes-scientifiques\/#Tissu_neuro_du_plexus_brachial\" >Tissu neuro du plexus brachial:<\/a><\/li><li class='ez-toc-page-1 ez-toc-heading-level-2'><a class=\"ez-toc-link ez-toc-heading-5\" href=\"https:\/\/faur.pro\/index.php\/jones-fascia-fascial-counterstrain-presentation-etudes-scientifiques\/#Comment_le_Counterstrain_peut_ameliorer_le_confort_lie_a_une_capsulite_adhesive_ou_lepaule_%C2%AB_gelee_%C2%BB\" >Comment le Counterstrain peut am\u00e9liorer le confort li\u00e9 \u00e0 une capsulite adh\u00e9sive ou l&rsquo;\u00e9paule \u00ab\u00a0gel\u00e9e\u00a0\u00bb:<\/a><\/li><li class='ez-toc-page-1 ez-toc-heading-level-2'><a class=\"ez-toc-link ez-toc-heading-6\" href=\"https:\/\/faur.pro\/index.php\/jones-fascia-fascial-counterstrain-presentation-etudes-scientifiques\/#Tissu_visceral_signe_de_lasegue_colon_reins_et_uro-genital\" >Tissu visc\u00e9ral &amp;&nbsp;signe de las\u00e8gue &nbsp;(colon, reins et uro-g\u00e9nital):<\/a><\/li><li class='ez-toc-page-1 ez-toc-heading-level-2'><a class=\"ez-toc-link ez-toc-heading-7\" href=\"https:\/\/faur.pro\/index.php\/jones-fascia-fascial-counterstrain-presentation-etudes-scientifiques\/#Tissu_Veino-lymphatique_du_membre_superieur_apres_traumatisme\" >Tissu Veino-lymphatique du membre sup\u00e9rieur apr\u00e8s traumatisme.<\/a><\/li><li class='ez-toc-page-1 ez-toc-heading-level-2'><a class=\"ez-toc-link ez-toc-heading-8\" href=\"https:\/\/faur.pro\/index.php\/jones-fascia-fascial-counterstrain-presentation-etudes-scientifiques\/#Traitement_perioste_et_cartilage_de_la_hanche\" >Traitement p\u00e9rioste et cartilage de la hanche:<\/a><\/li><\/ul><\/li><li class='ez-toc-page-1 ez-toc-heading-level-1'><a class=\"ez-toc-link ez-toc-heading-9\" href=\"https:\/\/faur.pro\/index.php\/jones-fascia-fascial-counterstrain-presentation-etudes-scientifiques\/#Etudes_scientifiques_en_Fascial_Counterstain_%C2%AE_FCS\" >\u00c9tudes scientifiques en Fascial Counterstain \u00ae (FCS) :<\/a><ul class='ez-toc-list-level-2' ><li class='ez-toc-heading-level-2'><a class=\"ez-toc-link ez-toc-heading-10\" href=\"https:\/\/faur.pro\/index.php\/jones-fascia-fascial-counterstrain-presentation-etudes-scientifiques\/#Article_FCS_n%C2%B0_1\" >Article FCS n\u00b0 1 :<\/a><\/li><li class='ez-toc-page-1 ez-toc-heading-level-2'><a class=\"ez-toc-link ez-toc-heading-11\" href=\"https:\/\/faur.pro\/index.php\/jones-fascia-fascial-counterstrain-presentation-etudes-scientifiques\/#Article_FCS_n%C2%B0_2\" >Article FCS n\u00b0 2 :<\/a><\/li><li class='ez-toc-page-1 ez-toc-heading-level-2'><a class=\"ez-toc-link ez-toc-heading-12\" href=\"https:\/\/faur.pro\/index.php\/jones-fascia-fascial-counterstrain-presentation-etudes-scientifiques\/#Article_FCS_n%C2%B0_3\" >Article FCS n\u00b0 3 :<\/a><\/li><\/ul><\/li><\/ul><\/nav><\/div>\n<h1 class=\"wp-block-heading\"><span class=\"ez-toc-section\" id=\"Videos_de_presentation\"><\/span>Vid\u00e9os de pr\u00e9sentation <span class=\"ez-toc-section-end\"><\/span><\/h1>\n\n\n\n<h2 class=\"wp-block-heading\"><span class=\"ez-toc-section\" id=\"Amelioration_du_confort_lie_aux_tremblements_avec_le_%C2%AB_Fascial_Counterstrain%C2%AE_%C2%BB\"><\/span><strong>Am\u00e9lioration du confort li\u00e9 aux tremblements avec le \u00ab\u00a0Fascial Counterstrain\u00ae\u00a0\u00bb<\/strong><span class=\"ez-toc-section-end\"><\/span><\/h2>\n\n\n\n<p> Merci \u00e0 Brian TUCKEY pour cette d\u00e9monstration<\/p>\n\n\n\n<figure class=\"wp-block-embed\"><div class=\"wp-block-embed__wrapper\">\n<div class=\"fb-video\" data-allowfullscreen=\"true\" data-href=\"https:\/\/www.facebook.com\/watch\/?v=1013875085340308\" style=\"background-color: #fff; display: inline-block;\"><\/div>\n<\/div><\/figure>\n\n\n\n<p><a href=\"https:\/\/fb.watch\/8lxIchjeCt\/\">https:\/\/fb.watch\/8lxIchjeCt\/<\/a><\/p>\n\n\n\n<div style=\"height:100px\" aria-hidden=\"true\" class=\"wp-block-spacer\"><\/div>\n\n\n\n<h2 class=\"wp-block-heading\"><span class=\"ez-toc-section\" id=\"Tissu_neuro_tempo-mandibulaire_nerfs_cranien\"><\/span><strong>Tissu neuro tempo-mandibulaire &amp; nerfs cranien :<\/strong><span class=\"ez-toc-section-end\"><\/span><\/h2>\n\n\n\n<p> Merci \u00e0 Brian TUCKEY pour cette pr\u00e9sentation.&nbsp;<br \/> <br \/> Ces Techniques sont applicable \u00e0 mon cabinet . <\/p>\n\n\n\n<figure class=\"wp-block-embed\"><div class=\"wp-block-embed__wrapper\">\n<div class=\"fb-video\" data-allowfullscreen=\"true\" data-href=\"https:\/\/www.facebook.com\/watch\/?v=1025309820863501&#038;ref=sharing\" style=\"background-color: #fff; display: inline-block;\"><\/div>\n<\/div><\/figure>\n\n\n\n<p><a href=\"https:\/\/fb.watch\/8lCRBJQuHj\/%20\">https:\/\/fb.watch\/8lCRBJQuHj\/ <\/a> <\/p>\n\n\n\n<p><\/p>\n\n\n\n<div style=\"height:100px\" aria-hidden=\"true\" class=\"wp-block-spacer\"><\/div>\n\n\n\n<h2 class=\"wp-block-heading\"><span class=\"ez-toc-section\" id=\"Tissu_neuro_du_plexus_brachial\"><\/span><strong>Tissu neuro du plexus brachial:<\/strong><span class=\"ez-toc-section-end\"><\/span><\/h2>\n\n\n\n<p> Merci \u00e0 Brian TUCKEY pour cette d\u00e9monstration.&nbsp;<br \/> <br \/> Ces Techniques sont applicable \u00e0 mon cabinet .&nbsp; <\/p>\n\n\n\n<figure class=\"wp-block-embed is-type-video is-provider-youtube wp-block-embed-youtube wp-embed-aspect-16-9 wp-has-aspect-ratio\"><div class=\"wp-block-embed__wrapper\">\n<iframe loading=\"lazy\" title=\"How to increase range of motion and decrease neural tension with Counterstrain\" width=\"500\" height=\"281\" src=\"https:\/\/www.youtube.com\/embed\/3VEx4y40rpM?feature=oembed\" frameborder=\"0\" allow=\"accelerometer; autoplay; clipboard-write; encrypted-media; gyroscope; picture-in-picture; web-share\" referrerpolicy=\"strict-origin-when-cross-origin\" allowfullscreen><\/iframe>\n<\/div><\/figure>\n\n\n\n<div style=\"height:100px\" aria-hidden=\"true\" class=\"wp-block-spacer\"><\/div>\n\n\n\n<h2 class=\"wp-block-heading\"><span class=\"ez-toc-section\" id=\"Comment_le_Counterstrain_peut_ameliorer_le_confort_lie_a_une_capsulite_adhesive_ou_lepaule_%C2%AB_gelee_%C2%BB\"><\/span><strong>Comment le Counterstrain peut am\u00e9liorer le confort li\u00e9 \u00e0 une capsulite adh\u00e9sive ou l&rsquo;\u00e9paule \u00ab\u00a0gel\u00e9e\u00a0\u00bb:<\/strong><span class=\"ez-toc-section-end\"><\/span><\/h2>\n\n\n\n<p> Merci \u00e0 Brian TUCKEY pour cette pr\u00e9sentation du&nbsp;Counstrain ligamenteux d&rsquo;une \u00e9paule douloureuse et \u00ab\u00a0gel\u00e9e\u00a0\u00bb.&nbsp;<br \/> <br \/> Ces Techniques sont applicable \u00e0 mon cabinet  <\/p>\n\n\n\n<figure class=\"wp-block-embed\"><div class=\"wp-block-embed__wrapper\">\n<div class=\"fb-video\" data-allowfullscreen=\"true\" data-href=\"https:\/\/www.facebook.com\/watch\/?v=1220928654634949&#038;ref=sharing\" style=\"background-color: #fff; display: inline-block;\"><\/div>\n<\/div><\/figure>\n\n\n\n<p><a href=\"https:\/\/fb.watch\/8lxLouins0\/\">https:\/\/fb.watch\/8lxLouins0\/<\/a><\/p>\n\n\n\n<div style=\"height:100px\" aria-hidden=\"true\" class=\"wp-block-spacer\"><\/div>\n\n\n\n<h2 class=\"wp-block-heading\"><span class=\"ez-toc-section\" id=\"Tissu_visceral_signe_de_lasegue_colon_reins_et_uro-genital\"><\/span><strong>Tissu visc\u00e9ral &amp;&nbsp;signe de las\u00e8gue &nbsp;(colon, reins et uro-g\u00e9nital):<\/strong><span class=\"ez-toc-section-end\"><\/span><\/h2>\n\n\n\n<p>  Merci \u00e0 Timothy HODGES pour cette pr\u00e9sentation.&nbsp;<br \/> <br \/> Ces Techniques sont applicable \u00e0 mon cabinet .&nbsp; <\/p>\n\n\n\n<figure class=\"wp-block-embed is-type-video is-provider-youtube wp-block-embed-youtube wp-embed-aspect-16-9 wp-has-aspect-ratio\"><div class=\"wp-block-embed__wrapper\">\n<iframe loading=\"lazy\" title=\"How to Improve a Limited Straight Leg Raise (SLR) with Counterstrain\" width=\"500\" height=\"281\" src=\"https:\/\/www.youtube.com\/embed\/6CCPUK3ElYg?feature=oembed\" frameborder=\"0\" allow=\"accelerometer; autoplay; clipboard-write; encrypted-media; gyroscope; picture-in-picture; web-share\" referrerpolicy=\"strict-origin-when-cross-origin\" allowfullscreen><\/iframe>\n<\/div><\/figure>\n\n\n\n<div style=\"height:100px\" aria-hidden=\"true\" class=\"wp-block-spacer\"><\/div>\n\n\n\n<h2 class=\"wp-block-heading\"><span class=\"ez-toc-section\" id=\"Tissu_Veino-lymphatique_du_membre_superieur_apres_traumatisme\"><\/span><strong>Tissu Veino-lymphatique du membre sup\u00e9rieur apr\u00e8s traumatisme.<\/strong><span class=\"ez-toc-section-end\"><\/span><\/h2>\n\n\n<div class=\"wp-block-image\">\n<figure class=\"aligncenter size-full\"><img data-recalc-dims=\"1\"  title=\"\" loading=\"lazy\" decoding=\"async\" width=\"541\" height=\"299\" src=\"https:\/\/i0.wp.com\/faur.pro\/wp-content\/uploads\/2021\/09\/photo-trauma-lv.png?resize=541%2C299&#038;ssl=1\"  alt=\"photo-trauma-lv JONES Fascia &quot;Fascial Counterstrain\u00ae&quot; pr\u00e9sentation &amp; \u00e9tudes scientifiques\"  class=\"wp-image-275\" srcset=\"https:\/\/i0.wp.com\/faur.pro\/wp-content\/uploads\/2021\/09\/photo-trauma-lv.png?w=541&amp;ssl=1 541w, https:\/\/i0.wp.com\/faur.pro\/wp-content\/uploads\/2021\/09\/photo-trauma-lv.png?resize=300%2C166&amp;ssl=1 300w\" sizes=\"auto, (max-width: 541px) 100vw, 541px\" \/><\/figure>\n<\/div>\n\n\n<p>La 1 \u00e8re photo d&rsquo;une patiente&nbsp;pris le 02\/01\/2011 la veille du traitement avec FCS pour les syst\u00e8mes lymphatiques et art\u00e9riels r\u00e9alis\u00e9s par un coll\u00e8gue au USA.  <\/p>\n\n\n\n<p>La 2nd photo a \u00e9t\u00e9 prise&nbsp; le 5\/01\/2011 le lendemain du traitement avec FSC pour les syst\u00e8mes<strong> lymphatiques<\/strong> &amp; <strong>art\u00e9riels<\/strong> en plus d&rsquo;une heure de travail (ce dernier a \u00e9t\u00e9&nbsp;arr\u00eat\u00e9 au niveau du coude par manque de temps). <\/p>\n\n\n\n<div style=\"height:100px\" aria-hidden=\"true\" class=\"wp-block-spacer\"><\/div>\n\n\n\n<h2 class=\"wp-block-heading\"><span class=\"ez-toc-section\" id=\"Traitement_perioste_et_cartilage_de_la_hanche\"><\/span><strong>T<\/strong><font style=\"background-color: rgb(255, 255, 255);\"><strong>r<\/strong><\/font><strong>aitement p\u00e9rioste et cartilage de la hanche<\/strong>:<span class=\"ez-toc-section-end\"><\/span><\/h2>\n\n\n\n<p> Merci \u00e0 Brian TUCKEY pour cette d\u00e9monstration <\/p>\n\n\n\n<p> Technique applicable  au cabinet (cartilage, disque&nbsp;et p\u00e9rioste)&nbsp; <\/p>\n\n\n\n<figure class=\"wp-block-embed\"><div class=\"wp-block-embed__wrapper\">\n<div class=\"fb-video\" data-allowfullscreen=\"true\" data-href=\"https:\/\/www.facebook.com\/watch\/?v=1541894102538401&#038;ref=sharing\" style=\"background-color: #fff; display: inline-block;\"><\/div>\n<\/div><\/figure>\n\n\n\n<p><a href=\"https:\/\/fb.watch\/8lxP0xKP_t\/\">https:\/\/fb.watch\/8lxP0xKP_t\/<\/a><\/p>\n\n\n\n<div style=\"height:100px\" aria-hidden=\"true\" class=\"wp-block-spacer\"><\/div>\n\n\n\n<h1 class=\"wp-block-heading\"><span class=\"ez-toc-section\" id=\"Etudes_scientifiques_en_Fascial_Counterstain_%C2%AE_FCS\"><\/span>\u00c9tudes scientifiques en Fascial Counterstain \u00ae (FCS) :<span class=\"ez-toc-section-end\"><\/span><\/h1>\n\n\n\n<h2 class=\"wp-block-heading\"><span class=\"ez-toc-section\" id=\"Article_FCS_n%C2%B0_1\"><\/span>Article FCS n\u00b0 1 :<span class=\"ez-toc-section-end\"><\/span><\/h2>\n\n\n\n<p>Cet article a \u00e9t\u00e9 publi\u00e9 pour r\u00e9pondre \u00e0 la question : <\/p>\n\n\n\n<p>\u00ab <strong>Que se passe-t-il exactement lors des traitements FCS et comment cela explique-t-il l&rsquo;efficacit\u00e9 et la large application de cette technique ?<\/strong>\u00bb<br \/><br \/>Cet article fondamental propose un m\u00e9canisme th\u00e9orique actualis\u00e9 pour le d\u00e9veloppement et le maintien des douleurs chroniques, ainsi qu&rsquo;une explication scientifique des dysfonctionnements visc\u00e9raux et vasculaires idiopathiques (par exemple, s\u00e9quelles de commotion c\u00e9r\u00e9brale ou syndrome de l&rsquo;intestin irritable). <\/p>\n\n\n\n<p>Cet article a \u00e9t\u00e9 tr\u00e8s bien accueilli et est actuellement l&rsquo;article le plus consult\u00e9 (de tout le temps d\u2019existence) de la revue \u00ab Frontiers of musculoskeletal pain \u00bb.<\/p>\n\n\n\n<p><a href=\"https:\/\/www.frontiersin.org\/journals\/pain-research\/articles\/10.3389\/fpain.2021.691740\/full\" target=\"_blank\" rel=\"noreferrer noopener\"><strong>Cliquez ici<\/strong><\/a> pour lire l&rsquo;article intitul\u00e9 \u201cImpaired Lymphatic Drainage and Interstitial Inflammatory Stasis in Chronic Musculoskeletal and Idiopathic Pain syndromes:&nbsp; Exploring A Novel Mechanism.\u201d. Front. Pain Res., 23 ao\u00fbt 2021 Y L<\/p>\n\n\n\n<p><\/p>\n\n\n\n<h2 class=\"wp-block-heading\"><span class=\"ez-toc-section\" id=\"Article_FCS_n%C2%B0_2\"><\/span>Article FCS n\u00b0 2 :<span class=\"ez-toc-section-end\"><\/span><\/h2>\n\n\n\n<p>Ce manuscrit r\u00e9pond \u00e0 la question \u00ab&nbsp;<strong>Qu\u2019est-ce que la FCS et comment cela fonctionne-t-il&nbsp;?<\/strong>\u00bb<\/p>\n\n\n\n<p>Cet article d\u00e9taille l\u2019\u00e9volution du FCS, depuis la technique classique de Strain\/Counterstrain jusqu\u2019\u00e0 une technique de manipulation multisyst\u00e9mique en douceur, susceptible d\u2019agir sur tous les tissus nociceptifs (g\u00e9n\u00e9rateurs de douleur) du corps. Il d\u00e9crit en d\u00e9tail les proc\u00e9dures de diagnostic et de traitement utilis\u00e9es en FCS et offre une pr\u00e9sentation accessible de ses m\u00e9canismes physiologiques, de son cadre diagnostique et de ses processus de traitement. Cet article, r\u00e9dig\u00e9 dans un langage clair, s\u2019adresse aussi bien aux professionnels de sant\u00e9 qu\u2019aux patients int\u00e9ress\u00e9s. <\/p>\n\n\n\n<p><a href=\"https:\/\/www.journalofosteopathicmedicine.com\/article\/S1746-0689(25)00045-8\/fulltext\" target=\"_blank\" rel=\"noreferrer noopener\"><strong>Cliquez ici<\/strong><\/a> pour lire <strong>\u201cFascial Counterstrain:\u00a0 A Methodological Advancement in Indirect Osteopathic Manipulation\u201d<\/strong>, Tuckey B., d\u00e9cembre 2025, International Journal of Osteopathic Medicine.<\/p>\n\n\n\n<p><\/p>\n\n\n\n<h2 class=\"wp-block-heading\"><span class=\"ez-toc-section\" id=\"Article_FCS_n%C2%B0_3\"><\/span>Article FCS n\u00b0 3 :<span class=\"ez-toc-section-end\"><\/span><\/h2>\n\n\n\n<p class=\"preFade fadeIn\">Cet article pr\u00e9sente une \u00e9tude randomis\u00e9e de validation de principe d\u00e9montrant que trois traitements FCS ciblant le syst\u00e8me nerveux sympathique ont induit une r\u00e9duction rapide et statistiquement significative de la gravit\u00e9 des sympt\u00f4mes du trouble de stress post-traumatique (TSPT) par rapport \u00e0 un groupe t\u00e9moin sur liste d\u2019attente.<\/p>\n\n\n\n<p class=\"preFade fadeIn\">Des am\u00e9liorations suppl\u00e9mentaires concernant la d\u00e9pression, la qualit\u00e9 de vie et les douleurs somatiques ont \u00e9galement \u00e9t\u00e9 observ\u00e9es dans le groupe trait\u00e9.<\/p>\n\n\n\n<p class=\"preFade fadeIn\"><a href=\"https:\/\/tuckeypt.com\/wp-content\/uploads\/2025\/08\/Tuckey-post-usaf408.pdf\" target=\"_blank\" rel=\"noreferrer noopener\"><strong>Cliquez ici<\/strong><\/a> pour lire <strong>\u201cRapid Reduction in Posttraumatic Stress Disorder Symptom Severity after Three Fascial Counterstrain Manual Treatments: A Proof-of-Concept Study.\u201d<\/strong>. Mil Med. 2025 ao\u00fbt<\/p>\n","protected":false},"excerpt":{"rendered":"<p>Vid\u00e9os de pr\u00e9sentation Am\u00e9lioration du confort li\u00e9 aux tremblements avec le \u00ab\u00a0Fascial Counterstrain\u00ae\u00a0\u00bb Merci \u00e0 Brian TUCKEY pour cette d\u00e9monstration https:\/\/fb.watch\/8lxIchjeCt\/ Tissu neuro tempo-mandibulaire &amp; nerfs cranien : Merci \u00e0 Brian TUCKEY pour cette pr\u00e9sentation.&nbsp; Ces Techniques sont applicable \u00e0 mon cabinet . Tissu neuro du plexus brachial: Merci \u00e0 Brian TUCKEY pour cette d\u00e9monstration.&nbsp; [&hellip;]<\/p>\n","protected":false},"author":1,"featured_media":0,"parent":0,"menu_order":0,"comment_status":"closed","ping_status":"closed","template":"","meta":{"footnotes":""},"class_list":["post-274","page","type-page","status-publish","hentry"],"yoast_head":"<!-- This site is optimized with the Yoast SEO plugin v27.5 - https:\/\/yoast.com\/product\/yoast-seo-wordpress\/ -->\n<title>JONES Fascia &quot;Fascial Counterstrain\u00ae&quot; pr\u00e9sentation &amp; \u00e9tudes scientifiques - Bertrand FAUR<\/title>\n<meta name=\"robots\" content=\"index, follow, max-snippet:-1, max-image-preview:large, max-video-preview:-1\" \/>\n<link rel=\"canonical\" href=\"https:\/\/faur.pro\/index.php\/jones-fascia-fascial-counterstrain-presentation-etudes-scientifiques\/\" \/>\n<meta property=\"og:locale\" content=\"fr_FR\" \/>\n<meta property=\"og:type\" content=\"article\" \/>\n<meta property=\"og:title\" content=\"JONES Fascia &quot;Fascial Counterstrain\u00ae&quot; pr\u00e9sentation &amp; \u00e9tudes scientifiques - Bertrand FAUR\" \/>\n<meta property=\"og:description\" content=\"Vid\u00e9os de pr\u00e9sentation Am\u00e9lioration du confort li\u00e9 aux tremblements avec le \u00ab\u00a0Fascial Counterstrain\u00ae\u00a0\u00bb Merci \u00e0 Brian TUCKEY pour cette d\u00e9monstration https:\/\/fb.watch\/8lxIchjeCt\/ Tissu neuro tempo-mandibulaire &amp; nerfs cranien : Merci \u00e0 Brian TUCKEY pour cette pr\u00e9sentation.&nbsp; Ces Techniques sont applicable \u00e0 mon cabinet . Tissu neuro du plexus brachial: Merci \u00e0 Brian TUCKEY pour cette d\u00e9monstration.&nbsp; [&hellip;]\" \/>\n<meta property=\"og:url\" content=\"https:\/\/faur.pro\/index.php\/jones-fascia-fascial-counterstrain-presentation-etudes-scientifiques\/\" \/>\n<meta property=\"og:site_name\" content=\"Bertrand FAUR\" \/>\n<meta property=\"article:modified_time\" content=\"2026-03-13T21:45:07+00:00\" \/>\n<meta property=\"og:image\" content=\"https:\/\/faur.pro\/wp-content\/uploads\/2021\/09\/photo-trauma-lv.png\" \/>\n<meta name=\"twitter:card\" content=\"summary_large_image\" \/>\n<meta name=\"twitter:label1\" content=\"Dur\u00e9e de lecture estim\u00e9e\" \/>\n\t<meta name=\"twitter:data1\" content=\"4 minutes\" \/>\n<script type=\"application\/ld+json\" class=\"yoast-schema-graph\">{\"@context\":\"https:\\\/\\\/schema.org\",\"@graph\":[{\"@type\":[\"WebPage\",\"MedicalWebPage\"],\"@id\":\"https:\\\/\\\/faur.pro\\\/index.php\\\/jones-fascia-fascial-counterstrain-presentation-etudes-scientifiques\\\/\",\"url\":\"https:\\\/\\\/faur.pro\\\/index.php\\\/jones-fascia-fascial-counterstrain-presentation-etudes-scientifiques\\\/\",\"name\":\"JONES Fascia \\\"Fascial Counterstrain\u00ae\\\" pr\u00e9sentation &amp; \u00e9tudes scientifiques - Bertrand FAUR\",\"isPartOf\":{\"@id\":\"https:\\\/\\\/faur.pro\\\/#website\"},\"primaryImageOfPage\":{\"@id\":\"https:\\\/\\\/faur.pro\\\/index.php\\\/jones-fascia-fascial-counterstrain-presentation-etudes-scientifiques\\\/#primaryimage\"},\"image\":{\"@id\":\"https:\\\/\\\/faur.pro\\\/index.php\\\/jones-fascia-fascial-counterstrain-presentation-etudes-scientifiques\\\/#primaryimage\"},\"thumbnailUrl\":\"https:\\\/\\\/faur.pro\\\/wp-content\\\/uploads\\\/2021\\\/09\\\/photo-trauma-lv.png\",\"datePublished\":\"2021-09-30T14:27:20+00:00\",\"dateModified\":\"2026-03-13T21:45:07+00:00\",\"breadcrumb\":{\"@id\":\"https:\\\/\\\/faur.pro\\\/index.php\\\/jones-fascia-fascial-counterstrain-presentation-etudes-scientifiques\\\/#breadcrumb\"},\"inLanguage\":\"fr-FR\",\"potentialAction\":[{\"@type\":\"ReadAction\",\"target\":[\"https:\\\/\\\/faur.pro\\\/index.php\\\/jones-fascia-fascial-counterstrain-presentation-etudes-scientifiques\\\/\"]}]},{\"@type\":\"ImageObject\",\"inLanguage\":\"fr-FR\",\"@id\":\"https:\\\/\\\/faur.pro\\\/index.php\\\/jones-fascia-fascial-counterstrain-presentation-etudes-scientifiques\\\/#primaryimage\",\"url\":\"https:\\\/\\\/i0.wp.com\\\/faur.pro\\\/wp-content\\\/uploads\\\/2021\\\/09\\\/photo-trauma-lv.png?fit=541%2C299&ssl=1\",\"contentUrl\":\"https:\\\/\\\/i0.wp.com\\\/faur.pro\\\/wp-content\\\/uploads\\\/2021\\\/09\\\/photo-trauma-lv.png?fit=541%2C299&ssl=1\",\"width\":541,\"height\":299},{\"@type\":\"BreadcrumbList\",\"@id\":\"https:\\\/\\\/faur.pro\\\/index.php\\\/jones-fascia-fascial-counterstrain-presentation-etudes-scientifiques\\\/#breadcrumb\",\"itemListElement\":[{\"@type\":\"ListItem\",\"position\":1,\"name\":\"Accueil\",\"item\":\"https:\\\/\\\/faur.pro\\\/\"},{\"@type\":\"ListItem\",\"position\":2,\"name\":\"JONES Fascia \u00ab\u00a0Fascial Counterstrain\u00ae\u00a0\u00bb pr\u00e9sentation &amp; \u00e9tudes scientifiques\"}]},{\"@type\":\"WebSite\",\"@id\":\"https:\\\/\\\/faur.pro\\\/#website\",\"url\":\"https:\\\/\\\/faur.pro\\\/\",\"name\":\"Bertrand FAUR\",\"description\":\"Fasciath\u00e9rapie (Fascial Counterstrain\u00a9) &amp; Conseiller Sant\u00e9\",\"potentialAction\":[{\"@type\":\"SearchAction\",\"target\":{\"@type\":\"EntryPoint\",\"urlTemplate\":\"https:\\\/\\\/faur.pro\\\/?s={search_term_string}\"},\"query-input\":{\"@type\":\"PropertyValueSpecification\",\"valueRequired\":true,\"valueName\":\"search_term_string\"}}],\"inLanguage\":\"fr-FR\"}]}<\/script>\n<!-- \/ Yoast SEO plugin. -->","yoast_head_json":{"title":"JONES Fascia \"Fascial Counterstrain\u00ae\" pr\u00e9sentation &amp; \u00e9tudes scientifiques - Bertrand FAUR","robots":{"index":"index","follow":"follow","max-snippet":"max-snippet:-1","max-image-preview":"max-image-preview:large","max-video-preview":"max-video-preview:-1"},"canonical":"https:\/\/faur.pro\/index.php\/jones-fascia-fascial-counterstrain-presentation-etudes-scientifiques\/","og_locale":"fr_FR","og_type":"article","og_title":"JONES Fascia \"Fascial Counterstrain\u00ae\" pr\u00e9sentation &amp; \u00e9tudes scientifiques - Bertrand FAUR","og_description":"Vid\u00e9os de pr\u00e9sentation Am\u00e9lioration du confort li\u00e9 aux tremblements avec le \u00ab\u00a0Fascial Counterstrain\u00ae\u00a0\u00bb Merci \u00e0 Brian TUCKEY pour cette d\u00e9monstration https:\/\/fb.watch\/8lxIchjeCt\/ Tissu neuro tempo-mandibulaire &amp; nerfs cranien : Merci \u00e0 Brian TUCKEY pour cette pr\u00e9sentation.&nbsp; Ces Techniques sont applicable \u00e0 mon cabinet . Tissu neuro du plexus brachial: Merci \u00e0 Brian TUCKEY pour cette d\u00e9monstration.&nbsp; [&hellip;]","og_url":"https:\/\/faur.pro\/index.php\/jones-fascia-fascial-counterstrain-presentation-etudes-scientifiques\/","og_site_name":"Bertrand FAUR","article_modified_time":"2026-03-13T21:45:07+00:00","og_image":[{"url":"https:\/\/faur.pro\/wp-content\/uploads\/2021\/09\/photo-trauma-lv.png","type":"","width":"","height":""}],"twitter_card":"summary_large_image","twitter_misc":{"Dur\u00e9e de lecture estim\u00e9e":"4 minutes"},"schema":{"@context":"https:\/\/schema.org","@graph":[{"@type":["WebPage","MedicalWebPage"],"@id":"https:\/\/faur.pro\/index.php\/jones-fascia-fascial-counterstrain-presentation-etudes-scientifiques\/","url":"https:\/\/faur.pro\/index.php\/jones-fascia-fascial-counterstrain-presentation-etudes-scientifiques\/","name":"JONES Fascia \"Fascial Counterstrain\u00ae\" pr\u00e9sentation &amp; \u00e9tudes scientifiques - Bertrand FAUR","isPartOf":{"@id":"https:\/\/faur.pro\/#website"},"primaryImageOfPage":{"@id":"https:\/\/faur.pro\/index.php\/jones-fascia-fascial-counterstrain-presentation-etudes-scientifiques\/#primaryimage"},"image":{"@id":"https:\/\/faur.pro\/index.php\/jones-fascia-fascial-counterstrain-presentation-etudes-scientifiques\/#primaryimage"},"thumbnailUrl":"https:\/\/faur.pro\/wp-content\/uploads\/2021\/09\/photo-trauma-lv.png","datePublished":"2021-09-30T14:27:20+00:00","dateModified":"2026-03-13T21:45:07+00:00","breadcrumb":{"@id":"https:\/\/faur.pro\/index.php\/jones-fascia-fascial-counterstrain-presentation-etudes-scientifiques\/#breadcrumb"},"inLanguage":"fr-FR","potentialAction":[{"@type":"ReadAction","target":["https:\/\/faur.pro\/index.php\/jones-fascia-fascial-counterstrain-presentation-etudes-scientifiques\/"]}]},{"@type":"ImageObject","inLanguage":"fr-FR","@id":"https:\/\/faur.pro\/index.php\/jones-fascia-fascial-counterstrain-presentation-etudes-scientifiques\/#primaryimage","url":"https:\/\/i0.wp.com\/faur.pro\/wp-content\/uploads\/2021\/09\/photo-trauma-lv.png?fit=541%2C299&ssl=1","contentUrl":"https:\/\/i0.wp.com\/faur.pro\/wp-content\/uploads\/2021\/09\/photo-trauma-lv.png?fit=541%2C299&ssl=1","width":541,"height":299},{"@type":"BreadcrumbList","@id":"https:\/\/faur.pro\/index.php\/jones-fascia-fascial-counterstrain-presentation-etudes-scientifiques\/#breadcrumb","itemListElement":[{"@type":"ListItem","position":1,"name":"Accueil","item":"https:\/\/faur.pro\/"},{"@type":"ListItem","position":2,"name":"JONES Fascia \u00ab\u00a0Fascial Counterstrain\u00ae\u00a0\u00bb pr\u00e9sentation &amp; \u00e9tudes scientifiques"}]},{"@type":"WebSite","@id":"https:\/\/faur.pro\/#website","url":"https:\/\/faur.pro\/","name":"Bertrand FAUR","description":"Fasciath\u00e9rapie (Fascial Counterstrain\u00a9) &amp; Conseiller Sant\u00e9","potentialAction":[{"@type":"SearchAction","target":{"@type":"EntryPoint","urlTemplate":"https:\/\/faur.pro\/?s={search_term_string}"},"query-input":{"@type":"PropertyValueSpecification","valueRequired":true,"valueName":"search_term_string"}}],"inLanguage":"fr-FR"}]}},"jetpack_shortlink":"https:\/\/wp.me\/P9rKnb-4q","jetpack_sharing_enabled":true,"_links":{"self":[{"href":"https:\/\/faur.pro\/index.php\/wp-json\/wp\/v2\/pages\/274","targetHints":{"allow":["GET"]}}],"collection":[{"href":"https:\/\/faur.pro\/index.php\/wp-json\/wp\/v2\/pages"}],"about":[{"href":"https:\/\/faur.pro\/index.php\/wp-json\/wp\/v2\/types\/page"}],"author":[{"embeddable":true,"href":"https:\/\/faur.pro\/index.php\/wp-json\/wp\/v2\/users\/1"}],"replies":[{"embeddable":true,"href":"https:\/\/faur.pro\/index.php\/wp-json\/wp\/v2\/comments?post=274"}],"version-history":[{"count":7,"href":"https:\/\/faur.pro\/index.php\/wp-json\/wp\/v2\/pages\/274\/revisions"}],"predecessor-version":[{"id":2771,"href":"https:\/\/faur.pro\/index.php\/wp-json\/wp\/v2\/pages\/274\/revisions\/2771"}],"wp:attachment":[{"href":"https:\/\/faur.pro\/index.php\/wp-json\/wp\/v2\/media?parent=274"}],"curies":[{"name":"wp","href":"https:\/\/api.w.org\/{rel}","templated":true}]}}