{"id":17,"date":"2019-05-18T18:38:19","date_gmt":"2019-05-18T16:38:19","guid":{"rendered":"http:\/\/faur.pro\/?page_id=17"},"modified":"2026-02-17T20:12:11","modified_gmt":"2026-02-17T19:12:11","slug":"type-de-soins-proposes","status":"publish","type":"page","link":"https:\/\/faur.pro\/index.php\/type-de-soins-proposes\/","title":{"rendered":"Type de \u00ab\u00a0soins\u00a0\u00bb propos\u00e9s"},"content":{"rendered":"\n<div id=\"ez-toc-container\" class=\"ez-toc-v2_0_82_2 counter-hierarchy ez-toc-counter ez-toc-custom ez-toc-container-direction\">\n<p class=\"ez-toc-title\" style=\"cursor:inherit\">Sommaire<\/p>\n<label for=\"ez-toc-cssicon-toggle-item-69f216cf5efa3\" class=\"ez-toc-cssicon-toggle-label\"><span class=\"\"><span class=\"eztoc-hide\" style=\"display:none;\">Toggle<\/span><span class=\"ez-toc-icon-toggle-span\"><svg style=\"fill: #000000;color:#000000\" xmlns=\"http:\/\/www.w3.org\/2000\/svg\" class=\"list-377408\" width=\"20px\" height=\"20px\" viewBox=\"0 0 24 24\" fill=\"none\"><path d=\"M6 6H4v2h2V6zm14 0H8v2h12V6zM4 11h2v2H4v-2zm16 0H8v2h12v-2zM4 16h2v2H4v-2zm16 0H8v2h12v-2z\" fill=\"currentColor\"><\/path><\/svg><svg style=\"fill: #000000;color:#000000\" class=\"arrow-unsorted-368013\" xmlns=\"http:\/\/www.w3.org\/2000\/svg\" width=\"10px\" height=\"10px\" viewBox=\"0 0 24 24\" version=\"1.2\" baseProfile=\"tiny\"><path d=\"M18.2 9.3l-6.2-6.3-6.2 6.3c-.2.2-.3.4-.3.7s.1.5.3.7c.2.2.4.3.7.3h11c.3 0 .5-.1.7-.3.2-.2.3-.5.3-.7s-.1-.5-.3-.7zM5.8 14.7l6.2 6.3 6.2-6.3c.2-.2.3-.5.3-.7s-.1-.5-.3-.7c-.2-.2-.4-.3-.7-.3h-11c-.3 0-.5.1-.7.3-.2.2-.3.5-.3.7s.1.5.3.7z\"\/><\/svg><\/span><\/span><\/label><input type=\"checkbox\"  id=\"ez-toc-cssicon-toggle-item-69f216cf5efa3\" checked aria-label=\"Toggle\" \/><nav><ul class='ez-toc-list ez-toc-list-level-1 ' ><li class='ez-toc-page-1 ez-toc-heading-level-2'><a class=\"ez-toc-link ez-toc-heading-1\" href=\"https:\/\/faur.pro\/index.php\/type-de-soins-proposes\/#AURICULOMEDECINE\" >AURICULOMEDECINE<\/a><\/li><li class='ez-toc-page-1 ez-toc-heading-level-2'><a class=\"ez-toc-link ez-toc-heading-2\" href=\"https:\/\/faur.pro\/index.php\/type-de-soins-proposes\/#Reflexologie_Auriculaire\" >R\u00e9flexologie Auriculaire<\/a><\/li><li class='ez-toc-page-1 ez-toc-heading-level-2'><a class=\"ez-toc-link ez-toc-heading-3\" href=\"https:\/\/faur.pro\/index.php\/type-de-soins-proposes\/#Therapie_des_Fascias_%C2%AB_Jones_Fascial_Counterstrain_%C2%AE_%C2%BB\" >Th\u00e9rapie des Fascias \u00ab\u00a0Jones Fascial Counterstrain \u00ae\u00a0\u00bb<\/a><\/li><li class='ez-toc-page-1 ez-toc-heading-level-2'><a class=\"ez-toc-link ez-toc-heading-4\" href=\"https:\/\/faur.pro\/index.php\/type-de-soins-proposes\/#Therapie_des_Fascias_%C2%AB_Jones_Fascial_Counterstrain_%C2%AE_%C2%BB_Reflexologie_Auriculaire\" >Th\u00e9rapie des Fascias \u00ab\u00a0Jones Fascial Counterstrain \u00ae\u00a0\u00bb &amp; R\u00e9flexologie Auriculaire<\/a><\/li><li class='ez-toc-page-1 ez-toc-heading-level-2'><a class=\"ez-toc-link ez-toc-heading-5\" href=\"https:\/\/faur.pro\/index.php\/type-de-soins-proposes\/#Micronutrition_Phyto-Gemmo-Aromatherapie_DU\" >Micronutrition Phyto-Gemmo-Aromath\u00e9rapie DU<\/a><\/li><li class='ez-toc-page-1 ez-toc-heading-level-2'><a class=\"ez-toc-link ez-toc-heading-6\" href=\"https:\/\/faur.pro\/index.php\/type-de-soins-proposes\/#Phyto-Gemmo-Aromatherapie_DU\" >Phyto-Gemmo-Aromath\u00e9rapie DU<\/a><\/li><\/ul><\/nav><\/div>\n<h2 class=\"wp-block-heading\"><span class=\"ez-toc-section\" id=\"AURICULOMEDECINE\"><\/span><a href=\"https:\/\/user.clicrdv.com\/bertrand-faur\" target=\"_blank\" rel=\"noreferrer noopener\">AURICULOMEDECINE<\/a><span class=\"ez-toc-section-end\"><\/span><\/h2>\n\n\n\n<div class=\"wp-block-buttons is-layout-flex wp-block-buttons-is-layout-flex\">\n<div class=\"wp-block-button has-custom-width wp-block-button__width-100 is-style-outline is-style-outline--1\"><a class=\"wp-block-button__link has-black-color has-light-green-cyan-background-color has-text-color has-background has-medium-font-size has-custom-font-size wp-element-button\" href=\"https:\/\/user.clicrdv.com\/bertrand-faur\" style=\"border-radius:50px\" target=\"_blank\" rel=\"noreferrer noopener\">Consultation en AURICULOMEDECINE <strong>Tarif: 70\u20ac\/60 min<\/strong><\/a><\/div>\n<\/div>\n\n\n\n<p class=\"has-vivid-red-color has-text-color\"><\/p>\n\n\n<div class=\"wp-block-image is-style-default\">\n<figure class=\"aligncenter size-large is-resized\"><a href=\"https:\/\/user.clicrdv.com\/bertrand-faur\"><img data-recalc-dims=\"1\"  title=\"\" loading=\"lazy\" decoding=\"async\" width=\"732\" height=\"1024\" src=\"https:\/\/i0.wp.com\/faur.pro\/wp-content\/uploads\/2023\/07\/1651842992286.jpg?resize=732%2C1024&#038;ssl=1\"  alt=\"1651842992286-732x1024 Type de &quot;soins&quot; propos\u00e9s\"  class=\"wp-image-1321\" style=\"width:366px;height:512px\" srcset=\"https:\/\/i0.wp.com\/faur.pro\/wp-content\/uploads\/2023\/07\/1651842992286-scaled.jpg?resize=732%2C1024&amp;ssl=1 732w, https:\/\/i0.wp.com\/faur.pro\/wp-content\/uploads\/2023\/07\/1651842992286-scaled.jpg?resize=215%2C300&amp;ssl=1 215w, https:\/\/i0.wp.com\/faur.pro\/wp-content\/uploads\/2023\/07\/1651842992286-scaled.jpg?resize=768%2C1074&amp;ssl=1 768w, https:\/\/i0.wp.com\/faur.pro\/wp-content\/uploads\/2023\/07\/1651842992286-scaled.jpg?resize=1098%2C1536&amp;ssl=1 1098w, https:\/\/i0.wp.com\/faur.pro\/wp-content\/uploads\/2023\/07\/1651842992286-scaled.jpg?resize=1464%2C2048&amp;ssl=1 1464w, https:\/\/i0.wp.com\/faur.pro\/wp-content\/uploads\/2023\/07\/1651842992286-scaled.jpg?w=1831&amp;ssl=1 1831w\" sizes=\"auto, (max-width: 732px) 100vw, 732px\" \/><\/a><\/figure>\n<\/div>\n\n\n<p><strong><span class=\"has-inline-color has-black-color\"><span style=\"text-decoration: underline;\">L&rsquo;AURICULOMEDECINE<\/span><\/span><\/strong> inclus la r\u00e9flexologie auriculaire cependant elle va plus loin pour modeler et am\u00e9liorer le confort li\u00e9 aux douleurs <strong>physiques<\/strong> (<span style=\"text-decoration: underline;\">maux de t\u00eate, de dos, d&rsquo;\u00e9paules, de genou\u2026<\/span>) et <strong>psychiques<\/strong> <span style=\"text-decoration: underline;\">(arr\u00eat de tabac, insomnie, peur de l&rsquo;avion, deuil, d\u00e9pression<\/span>\u2026) dans un but <span style=\"text-decoration: underline;\">non th\u00e9rapeutique<\/span>.<\/p>\n\n\n\n<p>Elle permet, apr\u00e8s un test de vitalit\u00e9 et un bilan \u00e9nerg\u00e9tique de l&rsquo;oreille, de <strong><span style=\"text-decoration: underline;\">remonter \u00e0 la SOURCE du ou des \u00ab\u00a0Maux\u00a0\u00bb<\/span><\/strong>. <\/p>\n\n\n\n<p class=\"has-text-align-justify\">Liste des moyens d&rsquo;action au niveau de l&rsquo;oreille (stimulation des points situ\u00e9s sur les zones de correspondance du corps au refl\u00e9t\u00e9 sur le pavillon de l&rsquo;oreille): <\/p>\n\n\n\n<ul class=\"wp-block-list\">\n<li>Pressopuncture,<\/li>\n\n\n\n<li>Chromatopuncture,<\/li>\n\n\n\n<li>\u00c9lectropuncture: utilisation indolore des 7 fr\u00e9quences \u00e9lectriques de Nogier (cf image ),<\/li>\n\n\n\n<li>Magn\u00e9topuncture\u2026.<\/li>\n<\/ul>\n\n\n\n<p><\/p>\n\n\n\n<p><\/p>\n\n\n\n<p><\/p>\n\n\n\n<div style=\"height:100px\" aria-hidden=\"true\" class=\"wp-block-spacer\"><\/div>\n\n\n\n<h2 class=\"wp-block-heading\"><span class=\"ez-toc-section\" id=\"Reflexologie_Auriculaire\"><\/span><strong><a href=\"https:\/\/user.clicrdv.com\/bertrand-faur\" target=\"_blank\" rel=\"noreferrer noopener\">R\u00e9flexologie Auriculaire<\/a><\/strong> <span class=\"ez-toc-section-end\"><\/span><\/h2>\n\n\n\n<div class=\"wp-block-buttons is-layout-flex wp-block-buttons-is-layout-flex\">\n<div class=\"wp-block-button has-custom-width wp-block-button__width-100 is-style-outline is-style-outline--2\"><a class=\"wp-block-button__link has-black-color has-light-green-cyan-background-color has-text-color has-background has-medium-font-size has-custom-font-size wp-element-button\" href=\"https:\/\/user.clicrdv.com\/bertrand-faur\" style=\"border-radius:50px\" target=\"_blank\" rel=\"noreferrer noopener\">Consultation en R\u00e9flexologie Auriculaire <strong>Tarif 30min\/35\u20ac<\/strong><\/a><\/div>\n<\/div>\n\n\n<div class=\"wp-block-image is-style-default\">\n<figure class=\"aligncenter size-large is-resized\"><a href=\"https:\/\/user.clicrdv.com\/bertrand-faur\"><img data-recalc-dims=\"1\"  title=\"\" loading=\"lazy\" decoding=\"async\" width=\"1024\" height=\"1024\" src=\"https:\/\/i0.wp.com\/faur.pro\/wp-content\/uploads\/2023\/07\/Adobe_Express_20221109_0959240_1.png?resize=1024%2C1024&#038;ssl=1\"  alt=\"Adobe_Express_20221109_0959240_1-1024x1024 Type de &quot;soins&quot; propos\u00e9s\"  class=\"wp-image-1320\" style=\"width:512px;height:512px\" srcset=\"https:\/\/i0.wp.com\/faur.pro\/wp-content\/uploads\/2023\/07\/Adobe_Express_20221109_0959240_1.png?resize=1024%2C1024&amp;ssl=1 1024w, https:\/\/i0.wp.com\/faur.pro\/wp-content\/uploads\/2023\/07\/Adobe_Express_20221109_0959240_1.png?resize=300%2C300&amp;ssl=1 300w, https:\/\/i0.wp.com\/faur.pro\/wp-content\/uploads\/2023\/07\/Adobe_Express_20221109_0959240_1.png?resize=150%2C150&amp;ssl=1 150w, https:\/\/i0.wp.com\/faur.pro\/wp-content\/uploads\/2023\/07\/Adobe_Express_20221109_0959240_1.png?resize=768%2C768&amp;ssl=1 768w, https:\/\/i0.wp.com\/faur.pro\/wp-content\/uploads\/2023\/07\/Adobe_Express_20221109_0959240_1.png?w=1080&amp;ssl=1 1080w\" sizes=\"auto, (max-width: 1000px) 100vw, 1000px\" \/><\/a><\/figure>\n<\/div>\n\n\n<p><strong><span style=\"text-decoration: underline;\">La r\u00e9flexologie auriculaire<\/span><\/strong> ou <strong>Auriculoth\u00e9rapie<\/strong> (th\u00e9rapie <strong>d\u00e9riv\u00e9e de l&rsquo;acupuncture traditionnelle<\/strong>), est une pratique de m\u00e9decine non-conventionnelle se voulant diagnostique et th\u00e9rapeutique mise au point dans les ann\u00e9es 1950, par le Dr Paul Nogier, m\u00e9decin g\u00e9n\u00e9raliste lyonnais. <\/p>\n\n\n\n<p>Elle repose sur l&rsquo;hypoth\u00e8se qu&rsquo;il existe une correspondance entre l&rsquo;oreille externe et les diff\u00e9rents organes du corps, ou somatotopie. Les points sont localis\u00e9s par comparaison, rapprochement aux diff\u00e9rentes parties du corps d&rsquo;un f\u0153tus qui se dessine sur le pavillon de l&rsquo;oreille. <\/p>\n\n\n\n<p>L&rsquo;auriculoth\u00e9rapie consiste \u00e0 traiter certaines affections en stimulant des points situ\u00e9s sur les zones r\u00e9flexes du pavillon de l&rsquo;oreille. <\/p>\n\n\n\n<p>L&rsquo;auriculoth\u00e9rapie permet <strong>d&rsquo;att\u00e9nuer voire de faire dispara\u00eetre<\/strong> certains ph\u00e9nom\u00e8nes li\u00e9s \u00e0  la <strong>douleur m\u00e9canique<\/strong>,<strong> neurologique<\/strong> &amp; <strong>dentaire<\/strong>, les allergies, la <strong>d\u00e9pendance au tabac<\/strong>, l&rsquo;intoxication alcoolique, la <strong>fatigue<\/strong>, le <strong>stress anxi\u00e9t\u00e9<\/strong>, etc&#8230;. <\/p>\n\n\n\n<p>Le r\u00e9sultat peut \u00eatre ressenti de fa\u00e7on instantan\u00e9e, ou en quelques heures. <\/p>\n\n\n\n<p>En r\u00e8gle g\u00e9n\u00e9rale, un <strong>changement est ressenti dans la semaine<\/strong> pour les cas r\u00e9cents, et <strong>dans le mois<\/strong> pour les cas plus anciens. <\/p>\n\n\n\n<p>La plupart du temps, <strong>trois s\u00e9ances \u00e0 2 \u00e0 4 semaines d&rsquo;intervalle<\/strong> sont n\u00e9cessaires pour avoir un r\u00e9sultat avec en moyenne 70% d&rsquo;efficacit\u00e9 en fonction de la personne. <\/p>\n\n\n\n<div style=\"height:100px\" aria-hidden=\"true\" class=\"wp-block-spacer\"><\/div>\n\n\n\n<h2 class=\"wp-block-heading\"><span class=\"ez-toc-section\" id=\"Therapie_des_Fascias_%C2%AB_Jones_Fascial_Counterstrain_%C2%AE_%C2%BB\"><\/span><a href=\"https:\/\/user.clicrdv.com\/bertrand-faur\" target=\"_blank\" rel=\"noreferrer noopener\">Th\u00e9rapie des Fascias \u00ab\u00a0Jones Fascial Counterstrain \u00ae\u00a0\u00bb<\/a><span class=\"ez-toc-section-end\"><\/span><\/h2>\n\n\n\n<div class=\"wp-block-buttons is-layout-flex wp-block-buttons-is-layout-flex\">\n<div class=\"wp-block-button has-custom-width wp-block-button__width-100 is-style-outline is-style-outline--3\"><a class=\"wp-block-button__link has-black-color has-light-green-cyan-background-color has-text-color has-background has-medium-font-size has-custom-font-size wp-element-button\" href=\"https:\/\/user.clicrdv.com\/bertrand-faur\" style=\"border-radius:50px\" target=\"_blank\" rel=\"noreferrer noopener\">Consultation en Th\u00e9rapie des Fascias \u00ab\u00a0Jones Fascial Counterstrain \u00ae\u00a0\u00bb : <strong>Tarif: 60\u20ac\/60 min<\/strong><\/a><\/div>\n<\/div>\n\n\n<div class=\"wp-block-image is-style-default\">\n<figure class=\"aligncenter size-full is-resized\"><a href=\"https:\/\/user.clicrdv.com\/bertrand-faur\"><img data-recalc-dims=\"1\"  title=\"\" loading=\"lazy\" decoding=\"async\" width=\"200\" height=\"200\" src=\"https:\/\/i0.wp.com\/faur.pro\/wp-content\/uploads\/2021\/09\/imagesXQK9UW8B.jpg?resize=200%2C200&#038;ssl=1\"  alt=\"imagesXQK9UW8B Type de &quot;soins&quot; propos\u00e9s\"  class=\"wp-image-211\" style=\"width:263px;height:263px\" srcset=\"https:\/\/i0.wp.com\/faur.pro\/wp-content\/uploads\/2021\/09\/imagesXQK9UW8B.jpg?w=200&amp;ssl=1 200w, https:\/\/i0.wp.com\/faur.pro\/wp-content\/uploads\/2021\/09\/imagesXQK9UW8B.jpg?resize=150%2C150&amp;ssl=1 150w\" sizes=\"auto, (max-width: 200px) 100vw, 200px\" \/><\/a><\/figure>\n<\/div>\n\n\n<div class=\"wp-block-group\"><div class=\"wp-block-group__inner-container is-layout-flow wp-block-group-is-layout-flow\">\n<p> Cette technique  rel\u00e8ve d\u2019un \u00ab modelage \u00bb, c\u2019est-\u00e0-dire une man\u0153uvre superficielle externe r\u00e9alis\u00e9e sur la peau dans un but <span style=\"text-decoration: underline;\">non th\u00e9rapeutique <\/span>mais exclusivement esth\u00e9tique et <strong><span style=\"text-decoration: underline;\">de confort.<\/span><\/strong> <\/p>\n\n\n\n<p> Le \u00ab\u00a0Strain-Counterstrain\u00a0\u00bb est une technique manuelle d\u00e9velopp\u00e9e par Dr. Lawrence Jones, un m\u00e9decin ost\u00e9opathe. <\/p>\n\n\n\n<p> C&rsquo;est une technique douce qui place le corps dans un confort de position maximale pendant une p\u00e9riode de 1 \u00e0 90 secondes permettant au corps de le remettre \u00e0 z\u00e9ro, soit \u00e0 la normale. <\/p>\n\n\n\n<p> Le retour \u00e0 la tension normale des muscles et des tissus participe au soulagement de multiples pathologie .<\/p>\n\n\n\n<p> &#8211; Le \u00ab\u00a0<strong>Fascial Conterstrain \u00ae<\/strong>\u00ab\u00a0, d\u00e9velopper par Brian Tuckey, est l\u2019art de modeler les douleurs articulaires, vert\u00e9brales, cr\u00e2niennes, <strong>visc\u00e9rales, vasculaire (art\u00e9rielles &amp; veino-lymphatiques), capsulo-ligamentaire, os, tendons, muscles, cartilages, disques vert\u00e9braux, nerfs&nbsp;&amp; ganglions nerveux <\/strong>en les pla\u00e7ant passivement dans la position de confort maximal, c\u2019est-\u00e0-dire de <em>tension myofasciale minimale<\/em>. <\/p>\n\n\n\n<p> &#8211; C\u2019est une dissipation des douleurs en diminuant puis en arr\u00eatant l\u2019activit\u00e9 inad\u00e9quate des propriocepteurs, m\u00e9canocepteurs &amp; nocicepteurs. <\/p>\n\n\n\n<p> &#8211; La tension tissulaire inopportun est inhib\u00e9 en appliquant une contre tension myofasciale. <\/p>\n<\/div><\/div>\n\n\n\n<div style=\"height:100px\" aria-hidden=\"true\" class=\"wp-block-spacer\"><\/div>\n\n\n\n<h2 class=\"wp-block-heading\"><span class=\"ez-toc-section\" id=\"Therapie_des_Fascias_%C2%AB_Jones_Fascial_Counterstrain_%C2%AE_%C2%BB_Reflexologie_Auriculaire\"><\/span><a href=\"https:\/\/user.clicrdv.com\/bertrand-faur\" target=\"_blank\" rel=\"noreferrer noopener\">Th\u00e9rapie des Fascias \u00ab\u00a0Jones Fascial Counterstrain \u00ae\u00a0\u00bb &amp; R\u00e9flexologie Auriculaire<\/a><span class=\"ez-toc-section-end\"><\/span><\/h2>\n\n\n\n<div class=\"wp-block-buttons is-layout-flex wp-block-buttons-is-layout-flex\">\n<div class=\"wp-block-button has-custom-width wp-block-button__width-100 is-style-outline is-style-outline--4\"><a class=\"wp-block-button__link has-black-color has-light-green-cyan-background-color has-text-color has-background has-medium-font-size has-custom-font-size wp-element-button\" href=\"https:\/\/user.clicrdv.com\/bertrand-faur\" style=\"border-radius:50px\" target=\"_blank\" rel=\"noreferrer noopener\">Consultation en Th\u00e9rapie des Fascias \u00ab\u00a0Jones Fascial Counterstrain \u00ae\u00a0\u00bb &amp; R\u00e9flexologie Auriculaire <strong>Tarif: 60\u20ac\/60 min<\/strong><\/a><\/div>\n<\/div>\n\n\n<div class=\"wp-block-image is-style-default\">\n<figure class=\"aligncenter size-large is-resized\"><a href=\"https:\/\/user.clicrdv.com\/bertrand-faur\"><img data-recalc-dims=\"1\"  title=\"\" loading=\"lazy\" decoding=\"async\" width=\"1024\" height=\"723\" src=\"https:\/\/i0.wp.com\/faur.pro\/wp-content\/uploads\/2023\/07\/1658070822770.jpg?resize=1024%2C723&#038;ssl=1\"  alt=\"1658070822770-1024x723 Type de &quot;soins&quot; propos\u00e9s\"  class=\"wp-image-1319\" style=\"width:768px;height:542px\" srcset=\"https:\/\/i0.wp.com\/faur.pro\/wp-content\/uploads\/2023\/07\/1658070822770-scaled.jpg?resize=1024%2C723&amp;ssl=1 1024w, https:\/\/i0.wp.com\/faur.pro\/wp-content\/uploads\/2023\/07\/1658070822770-scaled.jpg?resize=300%2C212&amp;ssl=1 300w, https:\/\/i0.wp.com\/faur.pro\/wp-content\/uploads\/2023\/07\/1658070822770-scaled.jpg?resize=768%2C543&amp;ssl=1 768w, https:\/\/i0.wp.com\/faur.pro\/wp-content\/uploads\/2023\/07\/1658070822770-scaled.jpg?resize=1536%2C1085&amp;ssl=1 1536w, https:\/\/i0.wp.com\/faur.pro\/wp-content\/uploads\/2023\/07\/1658070822770-scaled.jpg?resize=2048%2C1447&amp;ssl=1 2048w\" sizes=\"auto, (max-width: 1000px) 100vw, 1000px\" \/><\/a><\/figure>\n<\/div>\n\n\n<p>M\u00e9lange de la <strong><span style=\"text-decoration: underline;\">r\u00e9flexologie auriculaire simple<\/span><\/strong> (<strong><span class=\"has-inline-color has-luminous-vivid-orange-color\">pas d&rsquo;Auriculo M\u00e9decine<\/span><\/strong>) &amp; du <strong><span style=\"text-decoration: underline;\">Jones Fascia \u00ab\u00a0Fascial Counterstrain\u00ae\u00a0\u00bb<\/span><\/strong> dans la m\u00eame s\u00e9ance. <\/p>\n\n\n\n<div style=\"height:100px\" aria-hidden=\"true\" class=\"wp-block-spacer\"><\/div>\n\n\n\n<h2 class=\"wp-block-heading\"><span class=\"ez-toc-section\" id=\"Micronutrition_Phyto-Gemmo-Aromatherapie_DU\"><\/span><a href=\"https:\/\/user.clicrdv.com\/bertrand-faur\" target=\"_blank\" rel=\"noreferrer noopener\">Micronutrition Phyto-Gemmo-Aromath\u00e9rapie DU<\/a><span class=\"ez-toc-section-end\"><\/span><\/h2>\n\n\n\n<div class=\"wp-block-buttons is-layout-flex wp-block-buttons-is-layout-flex\">\n<div class=\"wp-block-button has-custom-width wp-block-button__width-100 is-style-outline is-style-outline--5\"><a class=\"wp-block-button__link has-black-color has-light-green-cyan-background-color has-text-color has-background has-medium-font-size has-custom-font-size wp-element-button\" href=\"https:\/\/user.clicrdv.com\/bertrand-faur\" style=\"border-radius:50px\" target=\"_blank\" rel=\"noreferrer noopener\">Consultation en Micronutrition Phyto-Gemmo-Aromath\u00e9rapie DU <strong>Tarif: 35\u20ac\/30min, 70\u20ac\/h, 105\u20ac\/1h30 <\/strong><\/a><\/div>\n<\/div>\n\n\n\n<figure class=\"wp-block-gallery aligncenter has-nested-images columns-2 is-cropped wp-block-gallery-6 is-layout-flex wp-block-gallery-is-layout-flex\">\n<figure class=\"wp-block-image size-full is-style-default\"><a href=\"https:\/\/user.clicrdv.com\/bertrand-faur\"><img data-recalc-dims=\"1\"  title=\"\" loading=\"lazy\" decoding=\"async\" width=\"2560\" height=\"1703\" data-id=\"1317\" src=\"https:\/\/i0.wp.com\/faur.pro\/wp-content\/uploads\/2023\/07\/1651842992304-scaled.jpg?resize=2560%2C1703&#038;ssl=1\"  alt=\"1651842992304-scaled Type de &quot;soins&quot; propos\u00e9s\"  class=\"wp-image-1317\" srcset=\"https:\/\/i0.wp.com\/faur.pro\/wp-content\/uploads\/2023\/07\/1651842992304-scaled.jpg?w=2560&amp;ssl=1 2560w, https:\/\/i0.wp.com\/faur.pro\/wp-content\/uploads\/2023\/07\/1651842992304-scaled.jpg?resize=300%2C200&amp;ssl=1 300w, https:\/\/i0.wp.com\/faur.pro\/wp-content\/uploads\/2023\/07\/1651842992304-scaled.jpg?resize=1024%2C681&amp;ssl=1 1024w, https:\/\/i0.wp.com\/faur.pro\/wp-content\/uploads\/2023\/07\/1651842992304-scaled.jpg?resize=768%2C511&amp;ssl=1 768w, https:\/\/i0.wp.com\/faur.pro\/wp-content\/uploads\/2023\/07\/1651842992304-scaled.jpg?resize=1536%2C1022&amp;ssl=1 1536w, https:\/\/i0.wp.com\/faur.pro\/wp-content\/uploads\/2023\/07\/1651842992304-scaled.jpg?resize=2048%2C1363&amp;ssl=1 2048w\" sizes=\"auto, (max-width: 1000px) 100vw, 1000px\" \/><\/a><\/figure>\n<\/figure>\n\n\n\n<p> Cette nouvelle discipline (sanctionn\u00e9e d&rsquo;un dipl\u00f4me universitaire) s\u2019inspire \u00e0 la fois de la biologie nutritionnelle, fonctionnelle et de la pr\u00e9vention individualis\u00e9e. Elle s\u2019est construite notamment autour des avanc\u00e9es de la recherche sur les liens entre nutrition et sant\u00e9. <\/p>\n\n\n\n<p> La micronutrition accorde une place importante au conseil alimentaire et \u00e0 la compl\u00e9mentation personnalis\u00e9e. En tenant compte des besoins personnels de chaque individu, le micronutritionniste observe les besoins particuliers d\u2019une personne en fonction de ses capacit\u00e9s digestives, de ses activit\u00e9s, de ses perturbations du moment (infection, inflammation, prise de m\u00e9dicaments) et de ses habitudes actuelles ou pass\u00e9es. <\/p>\n\n\n\n<p> Pourquoi consulter un micronutritionniste ? <\/p>\n\n\n\n<p> <strong>La micronutrition est recommand\u00e9 dans le cadre de la :<\/strong> <\/p>\n\n\n\n<p>&#8211; pr\u00e9vention des <strong>troubles du fonctionnement digestif<\/strong> : assimilation des aliments, confort et transit digestif, des probl\u00e8mes de perm\u00e9abilit\u00e9 intestinale, allergie, intol\u00e9rance ; <\/p>\n\n\n\n<p>&#8211; pr\u00e9vention des <strong>troubles de l\u2019humeur<\/strong> et du <strong>sommeil, troubles du comportement alimentaire, sevrage<\/strong> (tabac, alcool, etc); <\/p>\n\n\n\n<p>&#8211; pr\u00e9vention des troubles fonctionnels : syndrome de <strong>fatigue chronique<\/strong>, <strong>fibromyalgie<\/strong> ;<\/p>\n\n\n\n<p>&#8211; pr\u00e9vention des maladies <strong>cardiovasculaires<\/strong>, du syndrome m\u00e9tabolique, accompagnement dans le domaine du<strong> surpoids<\/strong> et de ses complications cardio-m\u00e9tabolique ; <\/p>\n\n\n\n<p>&#8211; pr\u00e9vention, nutrition et <strong>lutte contre le vieillissement<\/strong>, les maladies d\u00e9g\u00e9n\u00e9ratives type <strong>arthrose<\/strong>, ost\u00e9oporose ou <strong>d\u2019\u00e9tats de fragilit\u00e9<\/strong> ;<\/p>\n\n\n\n<p>&#8211; prise en charge du<strong> r\u00e9gime sportif<\/strong> : <strong>optimisation des performances<\/strong>, meilleure tol\u00e9rance des entra\u00eenements et bonne r\u00e9cup\u00e9ration. <\/p>\n\n\n\n<div style=\"height:100px\" aria-hidden=\"true\" class=\"wp-block-spacer\"><\/div>\n\n\n\n<h2 class=\"wp-block-heading\"><span class=\"ez-toc-section\" id=\"Phyto-Gemmo-Aromatherapie_DU\"><\/span><a href=\"https:\/\/user.clicrdv.com\/bertrand-faur\" target=\"_blank\" rel=\"noreferrer noopener\">Phyto-Gemmo-Aromath\u00e9rapie DU<\/a> <span class=\"ez-toc-section-end\"><\/span><\/h2>\n\n\n\n<div class=\"wp-block-buttons is-layout-flex wp-block-buttons-is-layout-flex\">\n<div class=\"wp-block-button has-custom-width wp-block-button__width-100 is-style-outline is-style-outline--7\"><a class=\"wp-block-button__link has-black-color has-light-green-cyan-background-color has-text-color has-background has-medium-font-size has-custom-font-size wp-element-button\" href=\"https:\/\/user.clicrdv.com\/bertrand-faur\" style=\"border-radius:50px\" target=\"_blank\" rel=\"noreferrer noopener\">Consultation en Phyto-Gemmo-Aromath\u00e9rapie DU <strong>Tarif: 35\u20ac\/30 min <\/strong><\/a><\/div>\n<\/div>\n\n\n<div class=\"wp-block-image is-style-default\">\n<figure class=\"aligncenter size-large is-resized\"><a href=\"https:\/\/user.clicrdv.com\/bertrand-faur\"><img data-recalc-dims=\"1\"  title=\"\" loading=\"lazy\" decoding=\"async\" width=\"1024\" height=\"839\" src=\"https:\/\/i0.wp.com\/faur.pro\/wp-content\/uploads\/2023\/07\/1651842992321.png?resize=1024%2C839&#038;ssl=1\"  alt=\"1651842992321-1024x839 Type de &quot;soins&quot; propos\u00e9s\"  class=\"wp-image-1318\" style=\"width:-116px;height:-95px\" srcset=\"https:\/\/i0.wp.com\/faur.pro\/wp-content\/uploads\/2023\/07\/1651842992321.png?resize=1024%2C839&amp;ssl=1 1024w, https:\/\/i0.wp.com\/faur.pro\/wp-content\/uploads\/2023\/07\/1651842992321.png?resize=300%2C246&amp;ssl=1 300w, https:\/\/i0.wp.com\/faur.pro\/wp-content\/uploads\/2023\/07\/1651842992321.png?resize=768%2C629&amp;ssl=1 768w, https:\/\/i0.wp.com\/faur.pro\/wp-content\/uploads\/2023\/07\/1651842992321.png?resize=1536%2C1259&amp;ssl=1 1536w, https:\/\/i0.wp.com\/faur.pro\/wp-content\/uploads\/2023\/07\/1651842992321.png?resize=2048%2C1678&amp;ssl=1 2048w, https:\/\/i0.wp.com\/faur.pro\/wp-content\/uploads\/2023\/07\/1651842992321.png?w=3000&amp;ssl=1 3000w\" sizes=\"auto, (max-width: 1000px) 100vw, 1000px\" \/><\/a><\/figure>\n<\/div>\n\n\n<p><\/p>\n\n\n\n<p>Prise en charge en urgence des petits tracas de la vie courante. <\/p>\n\n\n\n<p>DU Phytoth\u00e9rapie &amp; Aromath\u00e9rapie (Universit\u00e9 Paul SABATIER TOULOUSE III). <\/p>\n\n\n\n<div style=\"height:100px\" aria-hidden=\"true\" class=\"wp-block-spacer\"><\/div>\n","protected":false},"excerpt":{"rendered":"<p>AURICULOMEDECINE L&rsquo;AURICULOMEDECINE inclus la r\u00e9flexologie auriculaire cependant elle va plus loin pour modeler et am\u00e9liorer le confort li\u00e9 aux douleurs physiques (maux de t\u00eate, de dos, d&rsquo;\u00e9paules, de genou\u2026) et psychiques (arr\u00eat de tabac, insomnie, peur de l&rsquo;avion, deuil, d\u00e9pression\u2026) dans un but non th\u00e9rapeutique. Elle permet, apr\u00e8s un test de vitalit\u00e9 et un bilan [&hellip;]<\/p>\n","protected":false},"author":1,"featured_media":0,"parent":0,"menu_order":0,"comment_status":"closed","ping_status":"closed","template":"","meta":{"footnotes":""},"class_list":["post-17","page","type-page","status-publish","hentry"],"yoast_head":"<!-- This site is optimized with the Yoast SEO plugin v27.5 - https:\/\/yoast.com\/product\/yoast-seo-wordpress\/ -->\n<title>Type de &quot;soins&quot; propos\u00e9s - Bertrand FAUR<\/title>\n<meta name=\"robots\" content=\"index, follow, max-snippet:-1, max-image-preview:large, max-video-preview:-1\" \/>\n<link rel=\"canonical\" href=\"https:\/\/faur.pro\/index.php\/type-de-soins-proposes\/\" \/>\n<meta property=\"og:locale\" content=\"fr_FR\" \/>\n<meta property=\"og:type\" content=\"article\" \/>\n<meta property=\"og:title\" content=\"Type de &quot;soins&quot; propos\u00e9s - Bertrand FAUR\" \/>\n<meta property=\"og:description\" content=\"AURICULOMEDECINE L&rsquo;AURICULOMEDECINE inclus la r\u00e9flexologie auriculaire cependant elle va plus loin pour modeler et am\u00e9liorer le confort li\u00e9 aux douleurs physiques (maux de t\u00eate, de dos, d&rsquo;\u00e9paules, de genou\u2026) et psychiques (arr\u00eat de tabac, insomnie, peur de l&rsquo;avion, deuil, d\u00e9pression\u2026) dans un but non th\u00e9rapeutique. Elle permet, apr\u00e8s un test de vitalit\u00e9 et un bilan [&hellip;]\" \/>\n<meta property=\"og:url\" content=\"https:\/\/faur.pro\/index.php\/type-de-soins-proposes\/\" \/>\n<meta property=\"og:site_name\" content=\"Bertrand FAUR\" \/>\n<meta property=\"article:modified_time\" content=\"2026-02-17T19:12:11+00:00\" \/>\n<meta property=\"og:image\" content=\"https:\/\/faur.pro\/wp-content\/uploads\/2023\/07\/1651842992286-732x1024.jpg\" \/>\n<meta name=\"twitter:card\" content=\"summary_large_image\" \/>\n<meta name=\"twitter:label1\" content=\"Dur\u00e9e de lecture estim\u00e9e\" \/>\n\t<meta name=\"twitter:data1\" content=\"6 minutes\" \/>\n<script type=\"application\/ld+json\" class=\"yoast-schema-graph\">{\"@context\":\"https:\\\/\\\/schema.org\",\"@graph\":[{\"@type\":[\"WebPage\",\"MedicalWebPage\"],\"@id\":\"https:\\\/\\\/faur.pro\\\/index.php\\\/type-de-soins-proposes\\\/\",\"url\":\"https:\\\/\\\/faur.pro\\\/index.php\\\/type-de-soins-proposes\\\/\",\"name\":\"Type de \\\"soins\\\" propos\u00e9s - Bertrand FAUR\",\"isPartOf\":{\"@id\":\"https:\\\/\\\/faur.pro\\\/#website\"},\"primaryImageOfPage\":{\"@id\":\"https:\\\/\\\/faur.pro\\\/index.php\\\/type-de-soins-proposes\\\/#primaryimage\"},\"image\":{\"@id\":\"https:\\\/\\\/faur.pro\\\/index.php\\\/type-de-soins-proposes\\\/#primaryimage\"},\"thumbnailUrl\":\"https:\\\/\\\/faur.pro\\\/wp-content\\\/uploads\\\/2023\\\/07\\\/1651842992286-732x1024.jpg\",\"datePublished\":\"2019-05-18T16:38:19+00:00\",\"dateModified\":\"2026-02-17T19:12:11+00:00\",\"breadcrumb\":{\"@id\":\"https:\\\/\\\/faur.pro\\\/index.php\\\/type-de-soins-proposes\\\/#breadcrumb\"},\"inLanguage\":\"fr-FR\",\"potentialAction\":[{\"@type\":\"ReadAction\",\"target\":[\"https:\\\/\\\/faur.pro\\\/index.php\\\/type-de-soins-proposes\\\/\"]}]},{\"@type\":\"ImageObject\",\"inLanguage\":\"fr-FR\",\"@id\":\"https:\\\/\\\/faur.pro\\\/index.php\\\/type-de-soins-proposes\\\/#primaryimage\",\"url\":\"https:\\\/\\\/i0.wp.com\\\/faur.pro\\\/wp-content\\\/uploads\\\/2023\\\/07\\\/1651842992286-scaled.jpg?fit=1831%2C2560&ssl=1\",\"contentUrl\":\"https:\\\/\\\/i0.wp.com\\\/faur.pro\\\/wp-content\\\/uploads\\\/2023\\\/07\\\/1651842992286-scaled.jpg?fit=1831%2C2560&ssl=1\",\"width\":1831,\"height\":2560},{\"@type\":\"BreadcrumbList\",\"@id\":\"https:\\\/\\\/faur.pro\\\/index.php\\\/type-de-soins-proposes\\\/#breadcrumb\",\"itemListElement\":[{\"@type\":\"ListItem\",\"position\":1,\"name\":\"Accueil\",\"item\":\"https:\\\/\\\/faur.pro\\\/\"},{\"@type\":\"ListItem\",\"position\":2,\"name\":\"Type de \u00ab\u00a0soins\u00a0\u00bb propos\u00e9s\"}]},{\"@type\":\"WebSite\",\"@id\":\"https:\\\/\\\/faur.pro\\\/#website\",\"url\":\"https:\\\/\\\/faur.pro\\\/\",\"name\":\"Bertrand FAUR\",\"description\":\"Fasciath\u00e9rapie (Fascial Counterstrain\u00a9) &amp; Conseiller Sant\u00e9\",\"potentialAction\":[{\"@type\":\"SearchAction\",\"target\":{\"@type\":\"EntryPoint\",\"urlTemplate\":\"https:\\\/\\\/faur.pro\\\/?s={search_term_string}\"},\"query-input\":{\"@type\":\"PropertyValueSpecification\",\"valueRequired\":true,\"valueName\":\"search_term_string\"}}],\"inLanguage\":\"fr-FR\"}]}<\/script>\n<!-- \/ Yoast SEO plugin. -->","yoast_head_json":{"title":"Type de \"soins\" propos\u00e9s - Bertrand FAUR","robots":{"index":"index","follow":"follow","max-snippet":"max-snippet:-1","max-image-preview":"max-image-preview:large","max-video-preview":"max-video-preview:-1"},"canonical":"https:\/\/faur.pro\/index.php\/type-de-soins-proposes\/","og_locale":"fr_FR","og_type":"article","og_title":"Type de \"soins\" propos\u00e9s - Bertrand FAUR","og_description":"AURICULOMEDECINE L&rsquo;AURICULOMEDECINE inclus la r\u00e9flexologie auriculaire cependant elle va plus loin pour modeler et am\u00e9liorer le confort li\u00e9 aux douleurs physiques (maux de t\u00eate, de dos, d&rsquo;\u00e9paules, de genou\u2026) et psychiques (arr\u00eat de tabac, insomnie, peur de l&rsquo;avion, deuil, d\u00e9pression\u2026) dans un but non th\u00e9rapeutique. Elle permet, apr\u00e8s un test de vitalit\u00e9 et un bilan [&hellip;]","og_url":"https:\/\/faur.pro\/index.php\/type-de-soins-proposes\/","og_site_name":"Bertrand FAUR","article_modified_time":"2026-02-17T19:12:11+00:00","og_image":[{"url":"https:\/\/faur.pro\/wp-content\/uploads\/2023\/07\/1651842992286-732x1024.jpg","type":"","width":"","height":""}],"twitter_card":"summary_large_image","twitter_misc":{"Dur\u00e9e de lecture estim\u00e9e":"6 minutes"},"schema":{"@context":"https:\/\/schema.org","@graph":[{"@type":["WebPage","MedicalWebPage"],"@id":"https:\/\/faur.pro\/index.php\/type-de-soins-proposes\/","url":"https:\/\/faur.pro\/index.php\/type-de-soins-proposes\/","name":"Type de \"soins\" propos\u00e9s - Bertrand FAUR","isPartOf":{"@id":"https:\/\/faur.pro\/#website"},"primaryImageOfPage":{"@id":"https:\/\/faur.pro\/index.php\/type-de-soins-proposes\/#primaryimage"},"image":{"@id":"https:\/\/faur.pro\/index.php\/type-de-soins-proposes\/#primaryimage"},"thumbnailUrl":"https:\/\/faur.pro\/wp-content\/uploads\/2023\/07\/1651842992286-732x1024.jpg","datePublished":"2019-05-18T16:38:19+00:00","dateModified":"2026-02-17T19:12:11+00:00","breadcrumb":{"@id":"https:\/\/faur.pro\/index.php\/type-de-soins-proposes\/#breadcrumb"},"inLanguage":"fr-FR","potentialAction":[{"@type":"ReadAction","target":["https:\/\/faur.pro\/index.php\/type-de-soins-proposes\/"]}]},{"@type":"ImageObject","inLanguage":"fr-FR","@id":"https:\/\/faur.pro\/index.php\/type-de-soins-proposes\/#primaryimage","url":"https:\/\/i0.wp.com\/faur.pro\/wp-content\/uploads\/2023\/07\/1651842992286-scaled.jpg?fit=1831%2C2560&ssl=1","contentUrl":"https:\/\/i0.wp.com\/faur.pro\/wp-content\/uploads\/2023\/07\/1651842992286-scaled.jpg?fit=1831%2C2560&ssl=1","width":1831,"height":2560},{"@type":"BreadcrumbList","@id":"https:\/\/faur.pro\/index.php\/type-de-soins-proposes\/#breadcrumb","itemListElement":[{"@type":"ListItem","position":1,"name":"Accueil","item":"https:\/\/faur.pro\/"},{"@type":"ListItem","position":2,"name":"Type de \u00ab\u00a0soins\u00a0\u00bb propos\u00e9s"}]},{"@type":"WebSite","@id":"https:\/\/faur.pro\/#website","url":"https:\/\/faur.pro\/","name":"Bertrand FAUR","description":"Fasciath\u00e9rapie (Fascial Counterstrain\u00a9) &amp; Conseiller Sant\u00e9","potentialAction":[{"@type":"SearchAction","target":{"@type":"EntryPoint","urlTemplate":"https:\/\/faur.pro\/?s={search_term_string}"},"query-input":{"@type":"PropertyValueSpecification","valueRequired":true,"valueName":"search_term_string"}}],"inLanguage":"fr-FR"}]}},"jetpack_shortlink":"https:\/\/wp.me\/P9rKnb-h","jetpack_sharing_enabled":true,"_links":{"self":[{"href":"https:\/\/faur.pro\/index.php\/wp-json\/wp\/v2\/pages\/17","targetHints":{"allow":["GET"]}}],"collection":[{"href":"https:\/\/faur.pro\/index.php\/wp-json\/wp\/v2\/pages"}],"about":[{"href":"https:\/\/faur.pro\/index.php\/wp-json\/wp\/v2\/types\/page"}],"author":[{"embeddable":true,"href":"https:\/\/faur.pro\/index.php\/wp-json\/wp\/v2\/users\/1"}],"replies":[{"embeddable":true,"href":"https:\/\/faur.pro\/index.php\/wp-json\/wp\/v2\/comments?post=17"}],"version-history":[{"count":9,"href":"https:\/\/faur.pro\/index.php\/wp-json\/wp\/v2\/pages\/17\/revisions"}],"predecessor-version":[{"id":2728,"href":"https:\/\/faur.pro\/index.php\/wp-json\/wp\/v2\/pages\/17\/revisions\/2728"}],"wp:attachment":[{"href":"https:\/\/faur.pro\/index.php\/wp-json\/wp\/v2\/media?parent=17"}],"curies":[{"name":"wp","href":"https:\/\/api.w.org\/{rel}","templated":true}]}}